{"id":2780,"date":"2025-09-18T18:40:03","date_gmt":"2025-09-19T00:40:03","guid":{"rendered":"https:\/\/cisne.mx\/?post_type=podcast&amp;p=2780"},"modified":"2025-09-18T18:40:03","modified_gmt":"2025-09-19T00:40:03","slug":"programa-especial-lo-que-no-te-cuentan-de-las-farmaceuticas-con-andre-soresini-en-mente-al-cuadrado-episodio-35","status":"publish","type":"podcast","link":"https:\/\/mentealcuadrado.com\/index.php\/podcast\/programa-especial-lo-que-no-te-cuentan-de-las-farmaceuticas-con-andre-soresini-en-mente-al-cuadrado-episodio-35\/","title":{"rendered":"Programa Especial: Lo que no te cuentan de las farmac\u00e9uticas con Andre Soresini en Mente al Cuadrado &#8211; Episodio 35"},"content":{"rendered":"<p class=\"e-91090-text encore-text-body-medium\" data-encore-id=\"text\" data-slate-node=\"element\"><span data-slate-node=\"text\"><span class=\"sc-gbwXoZ cetDdh\" data-slate-leaf=\"true\">En este episodio de Mente al Cuadrado, el Dr. Edilberto Pe\u00f1a conversa con Andre Luiz Soresini, Director de Apotex Inc., sobre lo que normalmente queda fuera de la narrativa p\u00fablica acerca de la industria farmac\u00e9utica. Hablamos de los mitos m\u00e1s comunes, las regulaciones que gu\u00edan la producci\u00f3n de medicamentos y c\u00f3mo funciona el marketing detr\u00e1s de los f\u00e1rmacos que consumimos d\u00eda a d\u00eda. Una conversaci\u00f3n que busca dar claridad en un tema donde la informaci\u00f3n suele estar cargada de prejuicios o medias verdades. \ud83d\udc8a \u00bfQu\u00e9 tanto sabes realmente sobre los medicamentos que tomas? \ud83e\udd14 \u00bfC\u00f3mo se equilibra la necesidad m\u00e9dica con los intereses comerciales? Desc\u00fabrelo en este programa especial, disponible en YouTube y todas las plataformas de podcast.<\/span><\/span><\/p>\n<p class=\"e-91090-text encore-text-body-medium\" data-encore-id=\"text\" data-slate-node=\"element\" data-slate-fragment=\"JTVCJTdCJTIydHlwZSUyMiUzQSUyMnBhcmFncmFwaCUyMiUyQyUyMmNoaWxkcmVuJTIyJTNBJTVCJTdCJTIydGV4dCUyMiUzQSUyMkVuJTIwZXN0ZSUyMGVwaXNvZGlvJTIwZGUlMjBNZW50ZSUyMGFsJTIwQ3VhZHJhZG8lMkMlMjBlbCUyMERyLiUyMEVkaWxiZXJ0byUyMFBlJUMzJUIxYSUyMGNvbnZlcnNhJTIwY29uJTIwQW5kcmUlMjBMdWl6JTIwU29yZXNpbmklMkMlMjBEaXJlY3RvciUyMGRlJTIwQXBvdGV4JTIwSW5jLiUyQyUyMHNvYnJlJTIwbG8lMjBxdWUlMjBub3JtYWxtZW50ZSUyMHF1ZWRhJTIwZnVlcmElMjBkZSUyMGxhJTIwbmFycmF0aXZhJTIwcCVDMyVCQWJsaWNhJTIwYWNlcmNhJTIwZGUlMjBsYSUyMGluZHVzdHJpYSUyMGZhcm1hYyVDMyVBOXV0aWNhLiUyMEhhYmxhbW9zJTIwZGUlMjBsb3MlMjBtaXRvcyUyMG0lQzMlQTFzJTIwY29tdW5lcyUyQyUyMGxhcyUyMHJlZ3VsYWNpb25lcyUyMHF1ZSUyMGd1JUMzJUFEYW4lMjBsYSUyMHByb2R1Y2NpJUMzJUIzbiUyMGRlJTIwbWVkaWNhbWVudG9zJTIweSUyMGMlQzMlQjNtbyUyMGZ1bmNpb25hJTIwZWwlMjBtYXJrZXRpbmclMjBkZXRyJUMzJUExcyUyMGRlJTIwbG9zJTIwZiVDMyVBMXJtYWNvcyUyMHF1ZSUyMGNvbnN1bWltb3MlMjBkJUMzJUFEYSUyMGElMjBkJUMzJUFEYS4lMjBVbmElMjBjb252ZXJzYWNpJUMzJUIzbiUyMHF1ZSUyMGJ1c2NhJTIwZGFyJTIwY2xhcmlkYWQlMjBlbiUyMHVuJTIwdGVtYSUyMGRvbmRlJTIwbGElMjBpbmZvcm1hY2klQzMlQjNuJTIwc3VlbGUlMjBlc3RhciUyMGNhcmdhZGElMjBkZSUyMHByZWp1aWNpb3MlMjBvJTIwbWVkaWFzJTIwdmVyZGFkZXMuJTIwJUYwJTlGJTkyJThBJTIwJUMyJUJGUXUlQzMlQTklMjB0YW50byUyMHNhYmVzJTIwcmVhbG1lbnRlJTIwc29icmUlMjBsb3MlMjBtZWRpY2FtZW50b3MlMjBxdWUlMjB0b21hcyUzRiUyMCVGMCU5RiVBNCU5NCUyMCVDMiVCRkMlQzMlQjNtbyUyMHNlJTIwZXF1aWxpYnJhJTIwbGElMjBuZWNlc2lkYWQlMjBtJUMzJUE5ZGljYSUyMGNvbiUyMGxvcyUyMGludGVyZXNlcyUyMGNvbWVyY2lhbGVzJTNGJTIwRGVzYyVDMyVCQWJyZWxvJTIwZW4lMjBlc3RlJTIwcHJvZ3JhbWElMjBlc3BlY2lhbCUyQyUyMGRpc3BvbmlibGUlMjBlbiUyMFlvdVR1YmUlMjB5JTIwdG9kYXMlMjBsYXMlMjBwbGF0YWZvcm1hcyUyMGRlJTIwcG9kY2FzdC4lMjIlN0QlNUQlN0QlMkMlN0IlMjJ0eXBlJTIyJTNBJTIycGFyYWdyYXBoJTIyJTJDJTIyY2hpbGRyZW4lMjIlM0ElNUIlN0IlMjJ0ZXh0JTIyJTNBJTIyJTIyJTdEJTVEJTdEJTJDJTdCJTIydHlwZSUyMiUzQSUyMnBhcmFncmFwaCUyMiUyQyUyMmNoaWxkcmVuJTIyJTNBJTVCJTdCJTIydGV4dCUyMiUzQSUyMiUyM3NhbHVkbWVudGFsJTIwJTIzbWVudGVhbGN1YWRyYWRvJTIwJTIzZmFybWElMjAlMjNhbnRpZGVwcmVzaXZvcyUyMCUyM2hlYWxpbmclMjAlMjNwb2RjYXN0JTIwJTIzbTIlMjAlMjNtZW50ZTIlMjAlMjIlN0QlNUQlN0QlNUQ=\"><span data-slate-node=\"text\"><span class=\"sc-gbwXoZ cetDdh\" data-slate-leaf=\"true\">#saludmental #mentealcuadrado #farma #antidepresivos #healing #podcast #m2 #mente2 <\/span><\/span><\/p>\n","protected":false},"excerpt":{"rendered":"<p>En este episodio de Mente al Cuadrado, el Dr. Edilberto Pe\u00f1a conversa con Andre Luiz Soresini, Director de Apotex Inc., sobre lo que normalmente queda fuera de la narrativa p\u00fablica acerca de la industria farmac\u00e9utica. Hablamos de los mitos m\u00e1s comunes, las regulaciones que gu\u00edan la producci\u00f3n de medicamentos y c\u00f3mo funciona el marketing detr\u00e1s [&hellip;]<\/p>\n","protected":false},"author":5,"featured_media":0,"menu_order":0,"comment_status":"open","ping_status":"closed","template":"","meta":{"_et_pb_use_builder":"","_et_pb_old_content":"","_et_gb_content_width":"","episode_type":"audio","audio_file":"https:\/\/mentealcuadrado.com\/wp-content\/uploads\/2025\/09\/PODCAST_MAC_EP01.mp4","podmotor_file_id":"","podmotor_episode_id":"","cover_image":"https:\/\/mentealcuadrado.com\/wp-content\/uploads\/2025\/09\/M2-Andre-Soresini1000x1000-.jpg","cover_image_id":"2983","duration":"31:03","filesize":"30.26M","filesize_raw":"31728259","date_recorded":"2025-09-18 18:40:03","explicit":"","block":"","itunes_episode_number":"6","itunes_title":"Programa Especial: Lo que no te cuentan de las farmac\u00e9uticas con Andre Soresini - Episodio 35","itunes_season_number":"3","itunes_episode_type":"full"},"tags":[66,67],"series":[14],"class_list":["post-2780","podcast","type-podcast","status-publish","hentry","tag-psicofarmacologia","tag-psicofarmacos","series-mente-al-cuadrado"],"episode_featured_image":false,"episode_player_image":"https:\/\/mentealcuadrado.com\/wp-content\/uploads\/2025\/09\/M2-Andre-Soresini1000x1000-.jpg","download_link":"https:\/\/mentealcuadrado.com\/podcast-download\/2780\/programa-especial-lo-que-no-te-cuentan-de-las-farmaceuticas-con-andre-soresini-en-mente-al-cuadrado-episodio-35","player_link":"https:\/\/mentealcuadrado.com\/podcast-player\/2780\/programa-especial-lo-que-no-te-cuentan-de-las-farmaceuticas-con-andre-soresini-en-mente-al-cuadrado-episodio-35","audio_player":"<a class=\"wp-embedded-audio\" href=\"https:\/\/mentealcuadrado.com\/podcast-player\/2780\/programa-especial-lo-que-no-te-cuentan-de-las-farmaceuticas-con-andre-soresini-en-mente-al-cuadrado-episodio-35\">https:\/\/mentealcuadrado.com\/podcast-player\/2780\/programa-especial-lo-que-no-te-cuentan-de-las-farmaceuticas-con-andre-soresini-en-mente-al-cuadrado-episodio-35<\/a>","episode_data":{"playerMode":"dark","subscribeUrls":{"apple_podcasts":{"key":"apple_podcasts","url":"","label":"Apple Podcasts","class":"apple_podcasts","icon":"apple-podcasts.png"},"stitcher":{"key":"stitcher","url":"","label":"Stitcher","class":"stitcher","icon":"stitcher.png"},"google_podcasts":{"key":"google_podcasts","url":"","label":"Google Podcasts","class":"google_podcasts","icon":"google-podcasts.png"},"spotify":{"key":"spotify","url":"","label":"Spotify","class":"spotify","icon":"spotify.png"}},"rssFeedUrl":"https:\/\/mentealcuadrado.com\/feed\/podcast\/mente-al-cuadrado","embedCode":"<blockquote class=\"wp-embedded-content\" data-secret=\"KDQvGgQxGg\"><a href=\"https:\/\/mentealcuadrado.com\/index.php\/podcast\/programa-especial-lo-que-no-te-cuentan-de-las-farmaceuticas-con-andre-soresini-en-mente-al-cuadrado-episodio-35\/\">Programa Especial: Lo que no te cuentan de las farmac\u00e9uticas con Andre Soresini en Mente al Cuadrado &#8211; Episodio 35<\/a><\/blockquote><iframe sandbox=\"allow-scripts\" security=\"restricted\" src=\"https:\/\/mentealcuadrado.com\/index.php\/podcast\/programa-especial-lo-que-no-te-cuentan-de-las-farmaceuticas-con-andre-soresini-en-mente-al-cuadrado-episodio-35\/embed\/#?secret=KDQvGgQxGg\" width=\"500\" height=\"350\" title=\"\u00abPrograma Especial: Lo que no te cuentan de las farmac\u00e9uticas con Andre Soresini en Mente al Cuadrado &#8211; Episodio 35\u00bb \u2014 Mente al Cuadrado\" data-secret=\"KDQvGgQxGg\" frameborder=\"0\" marginwidth=\"0\" marginheight=\"0\" scrolling=\"no\" class=\"wp-embedded-content\"><\/iframe><script>\n\/*! This file is auto-generated *\/\n!function(d,l){\"use strict\";l.querySelector&&d.addEventListener&&\"undefined\"!=typeof URL&&(d.wp=d.wp||{},d.wp.receiveEmbedMessage||(d.wp.receiveEmbedMessage=function(e){var t=e.data;if((t||t.secret||t.message||t.value)&&!\/[^a-zA-Z0-9]\/.test(t.secret)){for(var s,r,n,a=l.querySelectorAll('iframe[data-secret=\"'+t.secret+'\"]'),o=l.querySelectorAll('blockquote[data-secret=\"'+t.secret+'\"]'),c=new RegExp(\"^https?:$\",\"i\"),i=0;i<o.length;i++)o[i].style.display=\"none\";for(i=0;i<a.length;i++)s=a[i],e.source===s.contentWindow&&(s.removeAttribute(\"style\"),\"height\"===t.message?(1e3<(r=parseInt(t.value,10))?r=1e3:~~r<200&&(r=200),s.height=r):\"link\"===t.message&&(r=new URL(s.getAttribute(\"src\")),n=new URL(t.value),c.test(n.protocol))&&n.host===r.host&&l.activeElement===s&&(d.top.location.href=t.value))}},d.addEventListener(\"message\",d.wp.receiveEmbedMessage,!1),l.addEventListener(\"DOMContentLoaded\",function(){for(var e,t,s=l.querySelectorAll(\"iframe.wp-embedded-content\"),r=0;r<s.length;r++)(t=(e=s[r]).getAttribute(\"data-secret\"))||(t=Math.random().toString(36).substring(2,12),e.src+=\"#?secret=\"+t,e.setAttribute(\"data-secret\",t)),e.contentWindow.postMessage({message:\"ready\",secret:t},\"*\")},!1)))}(window,document);\n\/\/# sourceURL=https:\/\/mentealcuadrado.com\/wp-includes\/js\/wp-embed.min.js\n<\/script>\n"},"_links":{"self":[{"href":"https:\/\/mentealcuadrado.com\/index.php\/wp-json\/wp\/v2\/podcast\/2780","targetHints":{"allow":["GET"]}}],"collection":[{"href":"https:\/\/mentealcuadrado.com\/index.php\/wp-json\/wp\/v2\/podcast"}],"about":[{"href":"https:\/\/mentealcuadrado.com\/index.php\/wp-json\/wp\/v2\/types\/podcast"}],"author":[{"embeddable":true,"href":"https:\/\/mentealcuadrado.com\/index.php\/wp-json\/wp\/v2\/users\/5"}],"replies":[{"embeddable":true,"href":"https:\/\/mentealcuadrado.com\/index.php\/wp-json\/wp\/v2\/comments?post=2780"}],"wp:attachment":[{"href":"https:\/\/mentealcuadrado.com\/index.php\/wp-json\/wp\/v2\/media?parent=2780"}],"wp:term":[{"taxonomy":"post_tag","embeddable":true,"href":"https:\/\/mentealcuadrado.com\/index.php\/wp-json\/wp\/v2\/tags?post=2780"},{"taxonomy":"series","embeddable":true,"href":"https:\/\/mentealcuadrado.com\/index.php\/wp-json\/wp\/v2\/series?post=2780"}],"curies":[{"name":"wp","href":"https:\/\/api.w.org\/{rel}","templated":true}]}}