{"id":2472,"date":"2025-05-03T21:09:10","date_gmt":"2025-05-03T21:09:10","guid":{"rendered":"https:\/\/cisne.mx\/?post_type=podcast&amp;p=2472"},"modified":"2025-05-03T21:09:10","modified_gmt":"2025-05-03T21:09:10","slug":"sabes-que-decir-pero-no-puedes-hablemos-de-afasia-con-beatriz-gonzalez-ortuno-mente-al-cuadrado-episodio-28","status":"publish","type":"podcast","link":"https:\/\/mentealcuadrado.com\/index.php\/podcast\/sabes-que-decir-pero-no-puedes-hablemos-de-afasia-con-beatriz-gonzalez-ortuno-mente-al-cuadrado-episodio-28\/","title":{"rendered":"\u00bfSabes qu\u00e9 decir, pero no puedes? Hablemos de afasia con Beatriz Gonz\u00e1lez Ortu\u00f1o &#8211; Mente al Cuadrado Episodio 28"},"content":{"rendered":"<p class=\"\" data-start=\"104\" data-end=\"435\">\u00bfQu\u00e9 pasa cuando las palabras est\u00e1n en tu mente, pero no logran salir? En este episodio conversamos con la Dra. Beatriz Gonz\u00e1lez Ortu\u00f1o, especialista en rehabilitaci\u00f3n de lenguaje, sobre la <strong data-start=\"346\" data-end=\"356\">afasia<\/strong>, un trastorno que afecta la capacidad de comunicarse, pero no la inteligencia.<\/p>\n<p class=\"\" data-start=\"437\" data-end=\"658\">Junto con el Dr. Edilberto Pe\u00f1a, abordamos qu\u00e9 la causa, c\u00f3mo se diagnostica y, sobre todo, c\u00f3mo se rehabilita. Una conversaci\u00f3n profunda y emp\u00e1tica sobre un tema que impacta la vida de quienes lo viven y de sus familias.<\/p>\n","protected":false},"excerpt":{"rendered":"<p>\u00bfQu\u00e9 pasa cuando las palabras est\u00e1n en tu mente, pero no logran salir? En este episodio conversamos con la Dra. Beatriz Gonz\u00e1lez Ortu\u00f1o, especialista en rehabilitaci\u00f3n de lenguaje, sobre la afasia, un trastorno que afecta la capacidad de comunicarse, pero no la inteligencia. Junto con el Dr. Edilberto Pe\u00f1a, abordamos qu\u00e9 la causa, c\u00f3mo se [&hellip;]<\/p>\n","protected":false},"author":5,"featured_media":0,"menu_order":0,"comment_status":"open","ping_status":"closed","template":"","meta":{"_et_pb_use_builder":"","_et_pb_old_content":"","_et_gb_content_width":"","episode_type":"audio","audio_file":"https:\/\/mentealcuadrado.com\/wp-content\/uploads\/2025\/05\/Beatriz-Ok-Ok.mp3","podmotor_file_id":"","podmotor_episode_id":"","cover_image":"https:\/\/mentealcuadrado.com\/wp-content\/uploads\/2025\/05\/M2-1000x1000-01Mayo-Beatriz-Gonzalez.jpg","cover_image_id":"2990","duration":"29:26","filesize":"26.95M","filesize_raw":"28256393","date_recorded":"2025-05-03 21:09:10","explicit":"","block":"","itunes_episode_number":"20","itunes_title":"\u00bfSabes qu\u00e9 decir, pero no puedes? Hablemos de afasia con Beatriz Gonz\u00e1lez Ortu\u00f1o Episodio 28","itunes_season_number":"2","itunes_episode_type":"full"},"tags":[51,18,7],"series":[14],"class_list":["post-2472","podcast","type-podcast","status-publish","hentry","tag-afasia","tag-podcast","tag-salud-mental","series-mente-al-cuadrado"],"episode_featured_image":false,"episode_player_image":"https:\/\/mentealcuadrado.com\/wp-content\/uploads\/2025\/05\/M2-1000x1000-01Mayo-Beatriz-Gonzalez.jpg","download_link":"https:\/\/mentealcuadrado.com\/podcast-download\/2472\/sabes-que-decir-pero-no-puedes-hablemos-de-afasia-con-beatriz-gonzalez-ortuno-mente-al-cuadrado-episodio-28","player_link":"https:\/\/mentealcuadrado.com\/podcast-player\/2472\/sabes-que-decir-pero-no-puedes-hablemos-de-afasia-con-beatriz-gonzalez-ortuno-mente-al-cuadrado-episodio-28","audio_player":"<a class=\"wp-embedded-audio\" href=\"https:\/\/mentealcuadrado.com\/podcast-player\/2472\/sabes-que-decir-pero-no-puedes-hablemos-de-afasia-con-beatriz-gonzalez-ortuno-mente-al-cuadrado-episodio-28\">https:\/\/mentealcuadrado.com\/podcast-player\/2472\/sabes-que-decir-pero-no-puedes-hablemos-de-afasia-con-beatriz-gonzalez-ortuno-mente-al-cuadrado-episodio-28<\/a>","episode_data":{"playerMode":"dark","subscribeUrls":{"apple_podcasts":{"key":"apple_podcasts","url":"","label":"Apple Podcasts","class":"apple_podcasts","icon":"apple-podcasts.png"},"stitcher":{"key":"stitcher","url":"","label":"Stitcher","class":"stitcher","icon":"stitcher.png"},"google_podcasts":{"key":"google_podcasts","url":"","label":"Google Podcasts","class":"google_podcasts","icon":"google-podcasts.png"},"spotify":{"key":"spotify","url":"","label":"Spotify","class":"spotify","icon":"spotify.png"}},"rssFeedUrl":"https:\/\/mentealcuadrado.com\/feed\/podcast\/mente-al-cuadrado","embedCode":"<blockquote class=\"wp-embedded-content\" data-secret=\"XeoWBsWcUp\"><a href=\"https:\/\/mentealcuadrado.com\/index.php\/podcast\/sabes-que-decir-pero-no-puedes-hablemos-de-afasia-con-beatriz-gonzalez-ortuno-mente-al-cuadrado-episodio-28\/\">\u00bfSabes qu\u00e9 decir, pero no puedes? Hablemos de afasia con Beatriz Gonz\u00e1lez Ortu\u00f1o &#8211; Mente al Cuadrado Episodio 28<\/a><\/blockquote><iframe sandbox=\"allow-scripts\" security=\"restricted\" src=\"https:\/\/mentealcuadrado.com\/index.php\/podcast\/sabes-que-decir-pero-no-puedes-hablemos-de-afasia-con-beatriz-gonzalez-ortuno-mente-al-cuadrado-episodio-28\/embed\/#?secret=XeoWBsWcUp\" width=\"500\" height=\"350\" title=\"\u00ab\u00bfSabes qu\u00e9 decir, pero no puedes? Hablemos de afasia con Beatriz Gonz\u00e1lez Ortu\u00f1o &#8211; Mente al Cuadrado Episodio 28\u00bb \u2014 Mente al Cuadrado\" data-secret=\"XeoWBsWcUp\" frameborder=\"0\" marginwidth=\"0\" marginheight=\"0\" scrolling=\"no\" class=\"wp-embedded-content\"><\/iframe><script>\n\/*! This file is auto-generated *\/\n!function(d,l){\"use strict\";l.querySelector&&d.addEventListener&&\"undefined\"!=typeof URL&&(d.wp=d.wp||{},d.wp.receiveEmbedMessage||(d.wp.receiveEmbedMessage=function(e){var t=e.data;if((t||t.secret||t.message||t.value)&&!\/[^a-zA-Z0-9]\/.test(t.secret)){for(var s,r,n,a=l.querySelectorAll('iframe[data-secret=\"'+t.secret+'\"]'),o=l.querySelectorAll('blockquote[data-secret=\"'+t.secret+'\"]'),c=new RegExp(\"^https?:$\",\"i\"),i=0;i<o.length;i++)o[i].style.display=\"none\";for(i=0;i<a.length;i++)s=a[i],e.source===s.contentWindow&&(s.removeAttribute(\"style\"),\"height\"===t.message?(1e3<(r=parseInt(t.value,10))?r=1e3:~~r<200&&(r=200),s.height=r):\"link\"===t.message&&(r=new URL(s.getAttribute(\"src\")),n=new URL(t.value),c.test(n.protocol))&&n.host===r.host&&l.activeElement===s&&(d.top.location.href=t.value))}},d.addEventListener(\"message\",d.wp.receiveEmbedMessage,!1),l.addEventListener(\"DOMContentLoaded\",function(){for(var e,t,s=l.querySelectorAll(\"iframe.wp-embedded-content\"),r=0;r<s.length;r++)(t=(e=s[r]).getAttribute(\"data-secret\"))||(t=Math.random().toString(36).substring(2,12),e.src+=\"#?secret=\"+t,e.setAttribute(\"data-secret\",t)),e.contentWindow.postMessage({message:\"ready\",secret:t},\"*\")},!1)))}(window,document);\n\/\/# sourceURL=https:\/\/mentealcuadrado.com\/wp-includes\/js\/wp-embed.min.js\n<\/script>\n"},"_links":{"self":[{"href":"https:\/\/mentealcuadrado.com\/index.php\/wp-json\/wp\/v2\/podcast\/2472","targetHints":{"allow":["GET"]}}],"collection":[{"href":"https:\/\/mentealcuadrado.com\/index.php\/wp-json\/wp\/v2\/podcast"}],"about":[{"href":"https:\/\/mentealcuadrado.com\/index.php\/wp-json\/wp\/v2\/types\/podcast"}],"author":[{"embeddable":true,"href":"https:\/\/mentealcuadrado.com\/index.php\/wp-json\/wp\/v2\/users\/5"}],"replies":[{"embeddable":true,"href":"https:\/\/mentealcuadrado.com\/index.php\/wp-json\/wp\/v2\/comments?post=2472"}],"wp:attachment":[{"href":"https:\/\/mentealcuadrado.com\/index.php\/wp-json\/wp\/v2\/media?parent=2472"}],"wp:term":[{"taxonomy":"post_tag","embeddable":true,"href":"https:\/\/mentealcuadrado.com\/index.php\/wp-json\/wp\/v2\/tags?post=2472"},{"taxonomy":"series","embeddable":true,"href":"https:\/\/mentealcuadrado.com\/index.php\/wp-json\/wp\/v2\/series?post=2472"}],"curies":[{"name":"wp","href":"https:\/\/api.w.org\/{rel}","templated":true}]}}